{"id":108,"date":"2021-11-18T15:09:40","date_gmt":"2021-11-18T15:09:40","guid":{"rendered":"https:\/\/laligue78.org\/?page_id=108"},"modified":"2022-02-14T11:21:45","modified_gmt":"2022-02-14T11:21:45","slug":"gens-du-voyage","status":"publish","type":"page","link":"https:\/\/laligue78.org\/index.php\/gens-du-voyage\/","title":{"rendered":"Gens du voyage"},"content":{"rendered":"<p>[et_pb_section fb_built=\u00a0\u00bb1&Prime; admin_label=\u00a0\u00bbsection\u00a0\u00bb _builder_version=\u00a0\u00bb3.22&Prime; global_colors_info=\u00a0\u00bb{}\u00a0\u00bb][et_pb_row column_structure=\u00a0\u00bb3_4,1_4&Prime; _builder_version=\u00a0\u00bb4.13.1&Prime; _module_preset=\u00a0\u00bbdefault\u00a0\u00bb global_colors_info=\u00a0\u00bb{}\u00a0\u00bb][et_pb_column type=\u00a0\u00bb3_4&Prime; _builder_version=\u00a0\u00bb4.13.1&Prime; _module_preset=\u00a0\u00bbdefault\u00a0\u00bb global_colors_info=\u00a0\u00bb{}\u00a0\u00bb][et_pb_text _builder_version=\u00a0\u00bb4.13.1&Prime; _module_preset=\u00a0\u00bbdefault\u00a0\u00bb global_colors_info=\u00a0\u00bb{}\u00a0\u00bb]<\/p>\n<h4><strong>ACCOMPAGNEMENT SOCIO-EDUCATIF DES GDV<\/strong><\/h4>\n<p>&nbsp;<\/p>\n<div class=\"page\" title=\"Page 11\">\n<div class=\"layoutArea\">\n<div class=\"column\">\n<div class=\"page\" title=\"Page 11\">\n<div class=\"layoutArea\">\n<div class=\"column\">\n<p dir=\"ltr\"><span>Depuis 2018, la Ligue de l\u2019enseignement des Yvelines intervient aupr\u00e8s de la communaut\u00e9 des gens du voyage. Par la mise en place d&rsquo;ateliers socio-\u00e9ducatifs, d&rsquo;ateliers parents-enfants et de sorties culturelles, nous avons pu recr\u00e9er du lien avec cette communaut\u00e9 que tout marginalise. En effet, les aires d&rsquo;accueil sont situ\u00e9es loin des centre-ville, l&rsquo;Ecole peine \u00e0 int\u00e9grer les enfants du voyage, les adultes sont fortement illettr\u00e9s&#8230;<\/span><span><\/span><\/p>\n<p dir=\"ltr\"><span>Forts de tous ces constats, le projet a peu \u00e0 peu \u00e9volu\u00e9 et notre \u00e9quipe s&rsquo;est \u00e9toff\u00e9e, dans le but de proposer un accompagnement global le mieux adapt\u00e9 aux attentes et besoins de la communaut\u00e9 des gens du voyage. Notre travail s&rsquo;appuie des partenariats d\u00e9velopp\u00e9s avec diff\u00e9rents acteurs des Yvelines : associations, EPCI, gestionnaires d&rsquo;aires d&rsquo;accueil, collectivit\u00e9s territoriales&#8230; Aujourd&rsquo;hui, nous d\u00e9ployons trois dispositifs sur l&rsquo;ensemble du d\u00e9partement des Yvelines :\u00a0<\/span><\/p>\n<p dir=\"ltr\">\n<ul>\n<li><span>\u00ab\u00a0Itin\u00e9r\u2019aires\u00a0\u00bb : vers un accompagnement global des gens du voyage en Yvelines<\/span><span><br \/><\/span><\/li>\n<li><span>Les ateliers socio-\u00e9ducatifs : des loisirs \u00e9ducatifs pour tous<\/span><\/li>\n<li dir=\"ltr\"><span>Les ateliers \u00ab\u00a0lire, \u00e9crire, compter\u00a0\u00bb : la lutte contre l&rsquo;illettrisme des adultes\u00a0\u00bb<\/span><\/li>\n<\/ul>\n<\/div>\n<\/div>\n<\/div>\n<p>&nbsp;<\/p>\n<\/div>\n<\/div>\n<\/div>\n<p>[\/et_pb_text][et_pb_image src=\u00a0\u00bbhttps:\/\/laligue78.org\/wp-content\/uploads\/2021\/11\/Capture-decran-2021-11-19-a-11.06.29.png\u00a0\u00bb title_text=\u00a0\u00bbCapture d\u2019\u00e9cran 2021-11-19 \u00e0 11.06.29&Prime; _builder_version=\u00a0\u00bb4.13.1&Prime; _module_preset=\u00a0\u00bbdefault\u00a0\u00bb global_colors_info=\u00a0\u00bb{}\u00a0\u00bb][\/et_pb_image][\/et_pb_column][et_pb_column type=\u00a0\u00bb1_4&Prime; _builder_version=\u00a0\u00bb4.13.1&Prime; _module_preset=\u00a0\u00bbdefault\u00a0\u00bb global_colors_info=\u00a0\u00bb{}\u00a0\u00bb][et_pb_sidebar _builder_version=\u00a0\u00bb4.13.1&Prime; _module_preset=\u00a0\u00bbdefault\u00a0\u00bb global_colors_info=\u00a0\u00bb{}\u00a0\u00bb][\/et_pb_sidebar][et_pb_gallery gallery_ids=\u00a0\u00bb180,179,178,177&Prime; fullwidth=\u00a0\u00bbon\u00a0\u00bb _builder_version=\u00a0\u00bb4.13.1&Prime; _module_preset=\u00a0\u00bbdefault\u00a0\u00bb auto=\u00a0\u00bbon\u00a0\u00bb global_colors_info=\u00a0\u00bb{}\u00a0\u00bb][\/et_pb_gallery][\/et_pb_column][\/et_pb_row][\/et_pb_section]<\/p>\n","protected":false},"excerpt":{"rendered":"<p>[et_pb_section fb_built=\u00a0\u00bb1&Prime; admin_label=\u00a0\u00bbsection\u00a0\u00bb _builder_version=\u00a0\u00bb3.22&Prime; global_colors_info=\u00a0\u00bb{}\u00a0\u00bb][et_pb_row column_structure=\u00a0\u00bb3_4,1_4&Prime; _builder_version=\u00a0\u00bb4.13.1&Prime; _module_preset=\u00a0\u00bbdefault\u00a0\u00bb global_colors_info=\u00a0\u00bb{}\u00a0\u00bb][et_pb_column type=\u00a0\u00bb3_4&Prime; _builder_version=\u00a0\u00bb4.13.1&Prime; _module_preset=\u00a0\u00bbdefault\u00a0\u00bb global_colors_info=\u00a0\u00bb{}\u00a0\u00bb][et_pb_text _builder_version=\u00a0\u00bb4.13.1&Prime; _module_preset=\u00a0\u00bbdefault\u00a0\u00bb global_colors_info=\u00a0\u00bb{}\u00a0\u00bb] ACCOMPAGNEMENT SOCIO-EDUCATIF DES GDV &nbsp; Depuis 2018, la Ligue de l\u2019enseignement des Yvelines intervient aupr\u00e8s de la communaut\u00e9 des gens du voyage. Par la mise en place d&rsquo;ateliers socio-\u00e9ducatifs, d&rsquo;ateliers parents-enfants et de sorties culturelles, nous avons pu recr\u00e9er&#8230;<\/p>\n","protected":false},"author":3,"featured_media":0,"parent":0,"menu_order":0,"comment_status":"closed","ping_status":"closed","template":"","meta":{"_kad_post_transparent":"","_kad_post_title":"","_kad_post_layout":"","_kad_post_sidebar_id":"","_kad_post_content_style":"","_kad_post_vertical_padding":"","_kad_post_feature":"","_kad_post_feature_position":"","_kad_post_header":false,"_kad_post_footer":false,"_kad_post_classname":"","footnotes":""},"class_list":["post-108","page","type-page","status-publish","hentry"],"yoast_head":"<!-- This site is optimized with the Yoast SEO plugin v27.2 - https:\/\/yoast.com\/product\/yoast-seo-wordpress\/ -->\n<title>Gens du voyage -<\/title>\n<meta name=\"robots\" content=\"index, follow, max-snippet:-1, max-image-preview:large, max-video-preview:-1\" \/>\n<link rel=\"canonical\" href=\"https:\/\/laligue78.org\/index.php\/gens-du-voyage\/\" \/>\n<meta property=\"og:locale\" content=\"fr_FR\" \/>\n<meta property=\"og:type\" content=\"article\" \/>\n<meta property=\"og:title\" content=\"Gens du voyage -\" \/>\n<meta property=\"og:description\" content=\"[et_pb_section fb_built=\u00a0\u00bb1&Prime; admin_label=\u00a0\u00bbsection\u00a0\u00bb _builder_version=\u00a0\u00bb3.22&Prime; global_colors_info=\u00a0\u00bb{}\u00a0\u00bb][et_pb_row column_structure=\u00a0\u00bb3_4,1_4&Prime; _builder_version=\u00a0\u00bb4.13.1&Prime; _module_preset=\u00a0\u00bbdefault\u00a0\u00bb global_colors_info=\u00a0\u00bb{}\u00a0\u00bb][et_pb_column type=\u00a0\u00bb3_4&Prime; _builder_version=\u00a0\u00bb4.13.1&Prime; _module_preset=\u00a0\u00bbdefault\u00a0\u00bb global_colors_info=\u00a0\u00bb{}\u00a0\u00bb][et_pb_text _builder_version=\u00a0\u00bb4.13.1&Prime; _module_preset=\u00a0\u00bbdefault\u00a0\u00bb global_colors_info=\u00a0\u00bb{}\u00a0\u00bb] ACCOMPAGNEMENT SOCIO-EDUCATIF DES GDV &nbsp; Depuis 2018, la Ligue de l\u2019enseignement des Yvelines intervient aupr\u00e8s de la communaut\u00e9 des gens du voyage. Par la mise en place d&rsquo;ateliers socio-\u00e9ducatifs, d&rsquo;ateliers parents-enfants et de sorties culturelles, nous avons pu recr\u00e9er...\" \/>\n<meta property=\"og:url\" content=\"https:\/\/laligue78.org\/index.php\/gens-du-voyage\/\" \/>\n<meta property=\"article:modified_time\" content=\"2022-02-14T11:21:45+00:00\" \/>\n<meta name=\"twitter:card\" content=\"summary_large_image\" \/>\n<meta name=\"twitter:label1\" content=\"Dur\u00e9e de lecture estim\u00e9e\" \/>\n\t<meta name=\"twitter:data1\" content=\"2 minutes\" \/>\n<script type=\"application\/ld+json\" class=\"yoast-schema-graph\">{\"@context\":\"https:\/\/schema.org\",\"@graph\":[{\"@type\":\"WebPage\",\"@id\":\"https:\/\/laligue78.org\/index.php\/gens-du-voyage\/\",\"url\":\"https:\/\/laligue78.org\/index.php\/gens-du-voyage\/\",\"name\":\"Gens du voyage -\",\"isPartOf\":{\"@id\":\"https:\/\/laligue78.org\/#website\"},\"datePublished\":\"2021-11-18T15:09:40+00:00\",\"dateModified\":\"2022-02-14T11:21:45+00:00\",\"breadcrumb\":{\"@id\":\"https:\/\/laligue78.org\/index.php\/gens-du-voyage\/#breadcrumb\"},\"inLanguage\":\"fr-FR\",\"potentialAction\":[{\"@type\":\"ReadAction\",\"target\":[\"https:\/\/laligue78.org\/index.php\/gens-du-voyage\/\"]}]},{\"@type\":\"BreadcrumbList\",\"@id\":\"https:\/\/laligue78.org\/index.php\/gens-du-voyage\/#breadcrumb\",\"itemListElement\":[{\"@type\":\"ListItem\",\"position\":1,\"name\":\"Accueil\",\"item\":\"https:\/\/laligue78.org\/\"},{\"@type\":\"ListItem\",\"position\":2,\"name\":\"Gens du voyage\"}]},{\"@type\":\"WebSite\",\"@id\":\"https:\/\/laligue78.org\/#website\",\"url\":\"https:\/\/laligue78.org\/\",\"name\":\"\",\"description\":\"S&#039;associer est une force ! \",\"potentialAction\":[{\"@type\":\"SearchAction\",\"target\":{\"@type\":\"EntryPoint\",\"urlTemplate\":\"https:\/\/laligue78.org\/?s={search_term_string}\"},\"query-input\":{\"@type\":\"PropertyValueSpecification\",\"valueRequired\":true,\"valueName\":\"search_term_string\"}}],\"inLanguage\":\"fr-FR\"}]}<\/script>\n<!-- \/ Yoast SEO plugin. -->","yoast_head_json":{"title":"Gens du voyage -","robots":{"index":"index","follow":"follow","max-snippet":"max-snippet:-1","max-image-preview":"max-image-preview:large","max-video-preview":"max-video-preview:-1"},"canonical":"https:\/\/laligue78.org\/index.php\/gens-du-voyage\/","og_locale":"fr_FR","og_type":"article","og_title":"Gens du voyage -","og_description":"[et_pb_section fb_built=\u00a0\u00bb1&Prime; admin_label=\u00a0\u00bbsection\u00a0\u00bb _builder_version=\u00a0\u00bb3.22&Prime; global_colors_info=\u00a0\u00bb{}\u00a0\u00bb][et_pb_row column_structure=\u00a0\u00bb3_4,1_4&Prime; _builder_version=\u00a0\u00bb4.13.1&Prime; _module_preset=\u00a0\u00bbdefault\u00a0\u00bb global_colors_info=\u00a0\u00bb{}\u00a0\u00bb][et_pb_column type=\u00a0\u00bb3_4&Prime; _builder_version=\u00a0\u00bb4.13.1&Prime; _module_preset=\u00a0\u00bbdefault\u00a0\u00bb global_colors_info=\u00a0\u00bb{}\u00a0\u00bb][et_pb_text _builder_version=\u00a0\u00bb4.13.1&Prime; _module_preset=\u00a0\u00bbdefault\u00a0\u00bb global_colors_info=\u00a0\u00bb{}\u00a0\u00bb] ACCOMPAGNEMENT SOCIO-EDUCATIF DES GDV &nbsp; Depuis 2018, la Ligue de l\u2019enseignement des Yvelines intervient aupr\u00e8s de la communaut\u00e9 des gens du voyage. Par la mise en place d&rsquo;ateliers socio-\u00e9ducatifs, d&rsquo;ateliers parents-enfants et de sorties culturelles, nous avons pu recr\u00e9er...","og_url":"https:\/\/laligue78.org\/index.php\/gens-du-voyage\/","article_modified_time":"2022-02-14T11:21:45+00:00","twitter_card":"summary_large_image","twitter_misc":{"Dur\u00e9e de lecture estim\u00e9e":"2 minutes"},"schema":{"@context":"https:\/\/schema.org","@graph":[{"@type":"WebPage","@id":"https:\/\/laligue78.org\/index.php\/gens-du-voyage\/","url":"https:\/\/laligue78.org\/index.php\/gens-du-voyage\/","name":"Gens du voyage -","isPartOf":{"@id":"https:\/\/laligue78.org\/#website"},"datePublished":"2021-11-18T15:09:40+00:00","dateModified":"2022-02-14T11:21:45+00:00","breadcrumb":{"@id":"https:\/\/laligue78.org\/index.php\/gens-du-voyage\/#breadcrumb"},"inLanguage":"fr-FR","potentialAction":[{"@type":"ReadAction","target":["https:\/\/laligue78.org\/index.php\/gens-du-voyage\/"]}]},{"@type":"BreadcrumbList","@id":"https:\/\/laligue78.org\/index.php\/gens-du-voyage\/#breadcrumb","itemListElement":[{"@type":"ListItem","position":1,"name":"Accueil","item":"https:\/\/laligue78.org\/"},{"@type":"ListItem","position":2,"name":"Gens du voyage"}]},{"@type":"WebSite","@id":"https:\/\/laligue78.org\/#website","url":"https:\/\/laligue78.org\/","name":"","description":"S&#039;associer est une force ! ","potentialAction":[{"@type":"SearchAction","target":{"@type":"EntryPoint","urlTemplate":"https:\/\/laligue78.org\/?s={search_term_string}"},"query-input":{"@type":"PropertyValueSpecification","valueRequired":true,"valueName":"search_term_string"}}],"inLanguage":"fr-FR"}]}},"_links":{"self":[{"href":"https:\/\/laligue78.org\/index.php\/wp-json\/wp\/v2\/pages\/108","targetHints":{"allow":["GET"]}}],"collection":[{"href":"https:\/\/laligue78.org\/index.php\/wp-json\/wp\/v2\/pages"}],"about":[{"href":"https:\/\/laligue78.org\/index.php\/wp-json\/wp\/v2\/types\/page"}],"author":[{"embeddable":true,"href":"https:\/\/laligue78.org\/index.php\/wp-json\/wp\/v2\/users\/3"}],"replies":[{"embeddable":true,"href":"https:\/\/laligue78.org\/index.php\/wp-json\/wp\/v2\/comments?post=108"}],"version-history":[{"count":6,"href":"https:\/\/laligue78.org\/index.php\/wp-json\/wp\/v2\/pages\/108\/revisions"}],"predecessor-version":[{"id":538,"href":"https:\/\/laligue78.org\/index.php\/wp-json\/wp\/v2\/pages\/108\/revisions\/538"}],"wp:attachment":[{"href":"https:\/\/laligue78.org\/index.php\/wp-json\/wp\/v2\/media?parent=108"}],"curies":[{"name":"wp","href":"https:\/\/api.w.org\/{rel}","templated":true}]}}