{"id":109,"date":"2021-11-18T15:09:40","date_gmt":"2021-11-18T15:09:40","guid":{"rendered":"https:\/\/laligue78.org\/?page_id=109"},"modified":"2024-10-31T11:06:39","modified_gmt":"2024-10-31T11:06:39","slug":"vacances-pour-tous","status":"publish","type":"page","link":"https:\/\/laligue78.org\/index.php\/vacances-pour-tous\/","title":{"rendered":"Vacances pour tous"},"content":{"rendered":"\t\t<div data-elementor-type=\"wp-page\" data-elementor-id=\"109\" class=\"elementor elementor-109\">\n\t\t\t\t\t\t<section class=\"elementor-section elementor-top-section elementor-element elementor-element-27ca20a2 elementor-section-boxed elementor-section-height-default elementor-section-height-default\" data-id=\"27ca20a2\" data-element_type=\"section\" data-e-type=\"section\">\n\t\t\t\t\t\t<div class=\"elementor-container elementor-column-gap-default\">\n\t\t\t\t\t<div class=\"elementor-column elementor-col-100 elementor-top-column elementor-element elementor-element-7922a129\" data-id=\"7922a129\" data-element_type=\"column\" data-e-type=\"column\">\n\t\t\t<div class=\"elementor-widget-wrap elementor-element-populated\">\n\t\t\t\t\t\t\t<\/div>\n\t\t<\/div>\n\t\t\t\t\t<\/div>\n\t\t<\/section>\n\t\t\t\t<section class=\"elementor-section elementor-top-section elementor-element elementor-element-1422c645 elementor-section-boxed elementor-section-height-default elementor-section-height-default\" data-id=\"1422c645\" data-element_type=\"section\" data-e-type=\"section\">\n\t\t\t\t\t\t<div class=\"elementor-container elementor-column-gap-default\">\n\t\t\t\t\t<div class=\"elementor-column elementor-col-66 elementor-top-column elementor-element elementor-element-1d55bcc0\" data-id=\"1d55bcc0\" data-element_type=\"column\" data-e-type=\"column\">\n\t\t\t<div class=\"elementor-widget-wrap elementor-element-populated\">\n\t\t\t\t\t\t<div class=\"elementor-element elementor-element-675cc9bf elementor-widget elementor-widget-image\" data-id=\"675cc9bf\" data-element_type=\"widget\" data-e-type=\"widget\" data-widget_type=\"image.default\">\n\t\t\t\t<div class=\"elementor-widget-container\">\n\t\t\t\t\t\t\t\t\t\t\t\t\t\t\t<img decoding=\"async\" width=\"600\" height=\"76\" src=\"https:\/\/laligue78.org\/wp-content\/uploads\/2023\/06\/Unknown-1-1.png\" class=\"attachment-large size-large wp-image-8814\" alt=\"\" srcset=\"https:\/\/laligue78.org\/wp-content\/uploads\/2023\/06\/Unknown-1-1.png 600w, https:\/\/laligue78.org\/wp-content\/uploads\/2023\/06\/Unknown-1-1-300x38.png 300w\" sizes=\"(max-width: 600px) 100vw, 600px\" \/>\t\t\t\t\t\t\t\t\t\t\t\t\t\t\t<\/div>\n\t\t\t\t<\/div>\n\t\t\t\t<div class=\"elementor-element elementor-element-471d05b1 elementor-widget elementor-widget-text-editor\" data-id=\"471d05b1\" data-element_type=\"widget\" data-e-type=\"widget\" data-widget_type=\"text-editor.default\">\n\t\t\t\t<div class=\"elementor-widget-container\">\n\t\t\t\t\t\t\t\t\t<p style=\"font-size: 16px; padding: 0px; margin-right: 0px; margin-bottom: 10px; margin-left: 0px; caret-color: #1a2d4d; color: #1a2d4d; font-family: Titillium, Helvetica, Arial, Verdana, sans-serif;\">Le secteur vacances de la Ligue de l\u2019Enseignement propose de nombreux s\u00e9jours de qualit\u00e9s en France et\u00a0\u00e0 l\u2019Etranger pour tous les \u00e2ges, en individuel ou en famille.<\/p><p style=\"font-size: 16px; padding: 0px; margin-right: 0px; margin-bottom: 10px; margin-left: 0px; caret-color: #1a2d4d; color: #1a2d4d; font-family: Titillium, Helvetica, Arial, Verdana, sans-serif;\">Selon vos envies, trouvez des formules de s\u00e9jours authentiques, riches en activit\u00e9s \u00e9ducatives et en d\u00e9couvertes.<\/p><p style=\"font-size: 16px; padding: 0px; margin-right: 0px; margin-bottom: 10px; margin-left: 0px; caret-color: #1a2d4d; color: #1a2d4d; font-family: Titillium, Helvetica, Arial, Verdana, sans-serif;\">\u00ab\u00a0Vacances Pour Tous\u00a0\u00bb offre un panel de s\u00e9jours et des th\u00e9matiques pour tous les \u00e2ges\u00a0:<\/p><ul style=\"font-size: 16px; padding-left: 0px; margin: 0px 0px 10px 20px; list-style-position: outside; list-style-type: disc; caret-color: #1a2d4d; color: #1a2d4d; font-family: Titillium, Helvetica, Arial, Verdana, sans-serif;\"><li style=\"padding: 0px; margin: 0px;\"><strong style=\"padding: 0px; margin: 0px;\">Des colonies de vacances<\/strong><\/li><li style=\"padding: 0px; margin: 0px;\"><strong style=\"padding: 0px; margin: 0px;\">Des s\u00e9jours linguistiques<\/strong><\/li><li style=\"padding: 0px; margin: 0px;\"><strong style=\"padding: 0px; margin: 0px;\">Des vacances en famille<br \/><br \/><\/strong><\/li><\/ul><p style=\"font-size: 16px; padding: 0px; margin-right: 0px; margin-bottom: 0px; margin-left: 0px; caret-color: #1a2d4d; color: #1a2d4d; font-family: Titillium, Helvetica, Arial, Verdana, sans-serif; text-align: center;\"><span style=\"color: #0000ff;\"><em><strong>Les vacances restent un moment de plaisir, de d\u00e9tente et de d\u00e9couverte\u00a0\u00e0 vivre passionn\u00e9ment\u00a0!<\/strong><\/em><\/span><\/p><p><b>\u00a0<\/b><\/p><p><b>Les colonies pour les 4\/17 ans<\/b><span data-ccp-props=\"{&quot;201341983&quot;:0,&quot;335559739&quot;:160,&quot;335559740&quot;:259}\">\u00a0<br \/><\/span><span data-contrast=\"auto\">Des colonies qui vont ravir petits et grands&#8230; sport, arts, nature, science, culture, voyages \u00e0 l\u2019\u00e9tranger&#8230; A chacun son envie pour le plus grand plaisir des enfants !<br \/><\/span><span data-ccp-props=\"{&quot;201341983&quot;:0,&quot;335551550&quot;:6,&quot;335551620&quot;:6,&quot;335559739&quot;:160,&quot;335559740&quot;:259}\">\u00a0<\/span><a style=\"font-family: var( --e-global-typography-text-font-family ), Sans-serif;\" href=\"vacances-pour-tous.org\">Vacances pour tous : colonies de vacances pour enfants de 4 \u00e0 13 ans\u00a0<\/a><span style=\"color: var( --e-global-color-text ); font-family: var( --e-global-typography-text-font-family ), Sans-serif;\" data-ccp-props=\"{&quot;201341983&quot;:0,&quot;335559739&quot;:160,&quot;335559740&quot;:259}\">\u00a0<\/span><\/p><p><b>Les s\u00e9jours linguistiques<\/b><span data-ccp-props=\"{&quot;201341983&quot;:0,&quot;335559739&quot;:160,&quot;335559740&quot;:259}\">\u00a0<br \/><\/span><span data-contrast=\"auto\">Les langues, le passeport pour le monde ! Un s\u00e9jour linguistique est le meilleur moyen d\u2019allier apprentissage et vacances !\u00a0<\/span><span data-ccp-props=\"{&quot;201341983&quot;:0,&quot;335551550&quot;:6,&quot;335551620&quot;:6,&quot;335559739&quot;:160,&quot;335559740&quot;:259}\">\u00a0<br \/><\/span><a style=\"font-family: var( --e-global-typography-text-font-family ), Sans-serif;\" href=\"sejours-linguistiques.org\">Ligue de l\u2019enseignement sp\u00e9cialiste du s\u00e9jour linguistique<\/a><span style=\"color: var( --e-global-color-text ); font-family: var( --e-global-typography-text-font-family ), Sans-serif;\" data-ccp-props=\"{&quot;201341983&quot;:0,&quot;335551550&quot;:6,&quot;335551620&quot;:6,&quot;335559739&quot;:160,&quot;335559740&quot;:259}\">\u00a0<\/span><\/p><p><span data-ccp-props=\"{&quot;201341983&quot;:0,&quot;335551550&quot;:6,&quot;335551620&quot;:6,&quot;335559739&quot;:160,&quot;335559740&quot;:259}\">\u00a0<\/span><b style=\"color: var( --e-global-color-text ); font-family: var( --e-global-typography-text-font-family ), Sans-serif;\">Les s\u00e9jours en famille<\/b><span style=\"color: var( --e-global-color-text ); font-family: var( --e-global-typography-text-font-family ), Sans-serif;\" data-ccp-props=\"{&quot;201341983&quot;:0,&quot;335551550&quot;:6,&quot;335551620&quot;:6,&quot;335559739&quot;:160,&quot;335559740&quot;:259}\">\u00a0<br \/><\/span><span data-contrast=\"auto\">Vos vacances \u00e0 la mer, \u00e0 la montagne ou \u00e0 la campagne ! D\u00e9couvrez toutes nos formules de s\u00e9jours, en France et \u00e0 l\u2019\u00e9tranger !<br \/><\/span><a href=\"vacances-passion.org\">Vacances passion : Vos vacances au Meilleur prix<\/a><\/p>\t\t\t\t\t\t\t\t<\/div>\n\t\t\t\t<\/div>\n\t\t\t\t<div class=\"elementor-element elementor-element-7faccaf0 elementor-widget-divider--view-line elementor-widget elementor-widget-divider\" data-id=\"7faccaf0\" data-element_type=\"widget\" data-e-type=\"widget\" data-widget_type=\"divider.default\">\n\t\t\t\t<div class=\"elementor-widget-container\">\n\t\t\t\t\t\t\t<div class=\"elementor-divider\">\n\t\t\t<span class=\"elementor-divider-separator\">\n\t\t\t\t\t\t<\/span>\n\t\t<\/div>\n\t\t\t\t\t\t<\/div>\n\t\t\t\t<\/div>\n\t\t\t\t<div class=\"elementor-element elementor-element-1d1fd8d5 elementor-widget elementor-widget-heading\" data-id=\"1d1fd8d5\" data-element_type=\"widget\" data-e-type=\"widget\" data-widget_type=\"heading.default\">\n\t\t\t\t<div class=\"elementor-widget-container\">\n\t\t\t\t\t<h2 class=\"elementor-heading-title elementor-size-default\"><span class=\"elementor-heading-title elementor-size-default elementor-inline-editing pen\" data-elementor-setting-key=\"title\" data-pen-placeholder=\"\u00c9crivez ici...\" style=\"margin-bottom: 0.5em;font-family: Roboto, sans-serif;font-weight: 600;font-size: 20px\">Contactez-nous :<\/span><\/h2>\t\t\t\t<\/div>\n\t\t\t\t<\/div>\n\t\t\t\t<section class=\"elementor-section elementor-inner-section elementor-element elementor-element-2f6be0b2 elementor-section-boxed elementor-section-height-default elementor-section-height-default\" data-id=\"2f6be0b2\" data-element_type=\"section\" data-e-type=\"section\">\n\t\t\t\t\t\t<div class=\"elementor-container elementor-column-gap-default\">\n\t\t\t\t\t<div class=\"elementor-column elementor-col-50 elementor-inner-column elementor-element elementor-element-2d09ee77\" data-id=\"2d09ee77\" data-element_type=\"column\" data-e-type=\"column\">\n\t\t\t<div class=\"elementor-widget-wrap elementor-element-populated\">\n\t\t\t\t\t\t<div class=\"elementor-element elementor-element-19ec07db elementor-align-start elementor-icon-list--layout-traditional elementor-list-item-link-full_width elementor-widget elementor-widget-icon-list\" data-id=\"19ec07db\" data-element_type=\"widget\" data-e-type=\"widget\" data-widget_type=\"icon-list.default\">\n\t\t\t\t<div class=\"elementor-widget-container\">\n\t\t\t\t\t\t\t<ul class=\"elementor-icon-list-items\">\n\t\t\t\t\t\t\t<li class=\"elementor-icon-list-item\">\n\t\t\t\t\t\t\t\t\t\t\t<span class=\"elementor-icon-list-icon\">\n\t\t\t\t\t\t\t<i aria-hidden=\"true\" class=\"fas fa-home\"><\/i>\t\t\t\t\t\t<\/span>\n\t\t\t\t\t\t\t\t\t\t<span class=\"elementor-icon-list-text\">2 rue Georges Lapierre<\/span>\n\t\t\t\t\t\t\t\t\t<\/li>\n\t\t\t\t\t\t\t\t<li class=\"elementor-icon-list-item\">\n\t\t\t\t\t\t\t\t\t\t\t<span class=\"elementor-icon-list-icon\">\n\t\t\t\t\t\t\t<i aria-hidden=\"true\" class=\"fas fa-phone\"><\/i>\t\t\t\t\t\t<\/span>\n\t\t\t\t\t\t\t\t\t\t<span class=\"elementor-icon-list-text\">01 30 13 06 06<br><\/span>\n\t\t\t\t\t\t\t\t\t<\/li>\n\t\t\t\t\t\t<\/ul>\n\t\t\t\t\t\t<\/div>\n\t\t\t\t<\/div>\n\t\t\t\t\t<\/div>\n\t\t<\/div>\n\t\t\t\t<div class=\"elementor-column elementor-col-50 elementor-inner-column elementor-element elementor-element-137c11a9\" data-id=\"137c11a9\" data-element_type=\"column\" data-e-type=\"column\">\n\t\t\t<div class=\"elementor-widget-wrap elementor-element-populated\">\n\t\t\t\t\t\t<div class=\"elementor-element elementor-element-2bb9f6c8 elementor-icon-list--layout-traditional elementor-list-item-link-full_width elementor-widget elementor-widget-icon-list\" data-id=\"2bb9f6c8\" data-element_type=\"widget\" data-e-type=\"widget\" data-widget_type=\"icon-list.default\">\n\t\t\t\t<div class=\"elementor-widget-container\">\n\t\t\t\t\t\t\t<ul class=\"elementor-icon-list-items\">\n\t\t\t\t\t\t\t<li class=\"elementor-icon-list-item\">\n\t\t\t\t\t\t\t\t\t\t\t<a href=\"http:\/\/www.laligue78.org\">\n\n\t\t\t\t\t\t\t\t\t\t\t\t<span class=\"elementor-icon-list-icon\">\n\t\t\t\t\t\t\t<i aria-hidden=\"true\" class=\"fas fa-globe\"><\/i>\t\t\t\t\t\t<\/span>\n\t\t\t\t\t\t\t\t\t\t<span class=\"elementor-icon-list-text\">www.laligue78.org<\/span>\n\t\t\t\t\t\t\t\t\t\t\t<\/a>\n\t\t\t\t\t\t\t\t\t<\/li>\n\t\t\t\t\t\t\t\t<li class=\"elementor-icon-list-item\">\n\t\t\t\t\t\t\t\t\t\t\t<a href=\"http:\/\/contact@laligue78.org\u200b\">\n\n\t\t\t\t\t\t\t\t\t\t\t\t<span class=\"elementor-icon-list-icon\">\n\t\t\t\t\t\t\t<i aria-hidden=\"true\" class=\"fas fa-at\"><\/i>\t\t\t\t\t\t<\/span>\n\t\t\t\t\t\t\t\t\t\t<span class=\"elementor-icon-list-text\">contact@laligue78.org<\/span>\n\t\t\t\t\t\t\t\t\t\t\t<\/a>\n\t\t\t\t\t\t\t\t\t<\/li>\n\t\t\t\t\t\t<\/ul>\n\t\t\t\t\t\t<\/div>\n\t\t\t\t<\/div>\n\t\t\t\t\t<\/div>\n\t\t<\/div>\n\t\t\t\t\t<\/div>\n\t\t<\/section>\n\t\t\t\t\t<\/div>\n\t\t<\/div>\n\t\t\t\t<div class=\"elementor-column elementor-col-33 elementor-top-column elementor-element elementor-element-4427868d\" data-id=\"4427868d\" data-element_type=\"column\" data-e-type=\"column\">\n\t\t\t<div class=\"elementor-widget-wrap\">\n\t\t\t\t\t\t\t<\/div>\n\t\t<\/div>\n\t\t\t\t\t<\/div>\n\t\t<\/section>\n\t\t\t\t<section class=\"elementor-section elementor-top-section elementor-element elementor-element-f5b0c68 elementor-section-boxed elementor-section-height-default elementor-section-height-default\" data-id=\"f5b0c68\" data-element_type=\"section\" data-e-type=\"section\">\n\t\t\t\t\t\t<div class=\"elementor-container elementor-column-gap-default\">\n\t\t\t\t\t<div class=\"elementor-column elementor-col-100 elementor-top-column elementor-element elementor-element-c825c7d\" data-id=\"c825c7d\" data-element_type=\"column\" data-e-type=\"column\">\n\t\t\t<div class=\"elementor-widget-wrap\">\n\t\t\t\t\t\t\t<\/div>\n\t\t<\/div>\n\t\t\t\t\t<\/div>\n\t\t<\/section>\n\t\t\t\t<\/div>\n\t\t","protected":false},"excerpt":{"rendered":"<p>Le secteur vacances de la Ligue de l\u2019Enseignement propose de nombreux s\u00e9jours de qualit\u00e9s en France et\u00a0\u00e0 l\u2019Etranger pour tous les \u00e2ges, en individuel ou en famille. Selon vos envies, trouvez des formules de s\u00e9jours authentiques, riches en activit\u00e9s \u00e9ducatives et en d\u00e9couvertes. \u00ab\u00a0Vacances Pour Tous\u00a0\u00bb offre un panel de s\u00e9jours et des th\u00e9matiques pour&#8230;<\/p>\n","protected":false},"author":3,"featured_media":0,"parent":0,"menu_order":0,"comment_status":"closed","ping_status":"closed","template":"","meta":{"_kad_post_transparent":"","_kad_post_title":"","_kad_post_layout":"","_kad_post_sidebar_id":"","_kad_post_content_style":"","_kad_post_vertical_padding":"","_kad_post_feature":"","_kad_post_feature_position":"","_kad_post_header":false,"_kad_post_footer":false,"_kad_post_classname":"","footnotes":""},"class_list":["post-109","page","type-page","status-publish","hentry"],"yoast_head":"<!-- This site is optimized with the Yoast SEO plugin v27.2 - https:\/\/yoast.com\/product\/yoast-seo-wordpress\/ -->\n<title>Vacances pour tous -<\/title>\n<meta name=\"robots\" content=\"index, follow, max-snippet:-1, max-image-preview:large, max-video-preview:-1\" \/>\n<link rel=\"canonical\" href=\"https:\/\/laligue78.org\/index.php\/vacances-pour-tous\/\" \/>\n<meta property=\"og:locale\" content=\"fr_FR\" \/>\n<meta property=\"og:type\" content=\"article\" \/>\n<meta property=\"og:title\" content=\"Vacances pour tous -\" \/>\n<meta property=\"og:description\" content=\"Le secteur vacances de la Ligue de l\u2019Enseignement propose de nombreux s\u00e9jours de qualit\u00e9s en France et\u00a0\u00e0 l\u2019Etranger pour tous les \u00e2ges, en individuel ou en famille. Selon vos envies, trouvez des formules de s\u00e9jours authentiques, riches en activit\u00e9s \u00e9ducatives et en d\u00e9couvertes. \u00ab\u00a0Vacances Pour Tous\u00a0\u00bb offre un panel de s\u00e9jours et des th\u00e9matiques pour...\" \/>\n<meta property=\"og:url\" content=\"https:\/\/laligue78.org\/index.php\/vacances-pour-tous\/\" \/>\n<meta property=\"article:modified_time\" content=\"2024-10-31T11:06:39+00:00\" \/>\n<meta property=\"og:image\" content=\"https:\/\/laligue78.org\/wp-content\/uploads\/2023\/06\/Unknown-1-1.png\" \/>\n<meta name=\"twitter:card\" content=\"summary_large_image\" \/>\n<meta name=\"twitter:label1\" content=\"Dur\u00e9e de lecture estim\u00e9e\" \/>\n\t<meta name=\"twitter:data1\" content=\"2 minutes\" \/>\n<script type=\"application\/ld+json\" class=\"yoast-schema-graph\">{\"@context\":\"https:\/\/schema.org\",\"@graph\":[{\"@type\":\"WebPage\",\"@id\":\"https:\/\/laligue78.org\/index.php\/vacances-pour-tous\/\",\"url\":\"https:\/\/laligue78.org\/index.php\/vacances-pour-tous\/\",\"name\":\"Vacances pour tous -\",\"isPartOf\":{\"@id\":\"https:\/\/laligue78.org\/#website\"},\"primaryImageOfPage\":{\"@id\":\"https:\/\/laligue78.org\/index.php\/vacances-pour-tous\/#primaryimage\"},\"image\":{\"@id\":\"https:\/\/laligue78.org\/index.php\/vacances-pour-tous\/#primaryimage\"},\"thumbnailUrl\":\"https:\/\/laligue78.org\/wp-content\/uploads\/2023\/06\/Unknown-1-1.png\",\"datePublished\":\"2021-11-18T15:09:40+00:00\",\"dateModified\":\"2024-10-31T11:06:39+00:00\",\"breadcrumb\":{\"@id\":\"https:\/\/laligue78.org\/index.php\/vacances-pour-tous\/#breadcrumb\"},\"inLanguage\":\"fr-FR\",\"potentialAction\":[{\"@type\":\"ReadAction\",\"target\":[\"https:\/\/laligue78.org\/index.php\/vacances-pour-tous\/\"]}]},{\"@type\":\"ImageObject\",\"inLanguage\":\"fr-FR\",\"@id\":\"https:\/\/laligue78.org\/index.php\/vacances-pour-tous\/#primaryimage\",\"url\":\"https:\/\/laligue78.org\/wp-content\/uploads\/2023\/06\/Unknown-1-1.png\",\"contentUrl\":\"https:\/\/laligue78.org\/wp-content\/uploads\/2023\/06\/Unknown-1-1.png\",\"width\":600,\"height\":76},{\"@type\":\"BreadcrumbList\",\"@id\":\"https:\/\/laligue78.org\/index.php\/vacances-pour-tous\/#breadcrumb\",\"itemListElement\":[{\"@type\":\"ListItem\",\"position\":1,\"name\":\"Accueil\",\"item\":\"https:\/\/laligue78.org\/\"},{\"@type\":\"ListItem\",\"position\":2,\"name\":\"Vacances pour tous\"}]},{\"@type\":\"WebSite\",\"@id\":\"https:\/\/laligue78.org\/#website\",\"url\":\"https:\/\/laligue78.org\/\",\"name\":\"\",\"description\":\"S&#039;associer est une force ! \",\"potentialAction\":[{\"@type\":\"SearchAction\",\"target\":{\"@type\":\"EntryPoint\",\"urlTemplate\":\"https:\/\/laligue78.org\/?s={search_term_string}\"},\"query-input\":{\"@type\":\"PropertyValueSpecification\",\"valueRequired\":true,\"valueName\":\"search_term_string\"}}],\"inLanguage\":\"fr-FR\"}]}<\/script>\n<!-- \/ Yoast SEO plugin. -->","yoast_head_json":{"title":"Vacances pour tous -","robots":{"index":"index","follow":"follow","max-snippet":"max-snippet:-1","max-image-preview":"max-image-preview:large","max-video-preview":"max-video-preview:-1"},"canonical":"https:\/\/laligue78.org\/index.php\/vacances-pour-tous\/","og_locale":"fr_FR","og_type":"article","og_title":"Vacances pour tous -","og_description":"Le secteur vacances de la Ligue de l\u2019Enseignement propose de nombreux s\u00e9jours de qualit\u00e9s en France et\u00a0\u00e0 l\u2019Etranger pour tous les \u00e2ges, en individuel ou en famille. Selon vos envies, trouvez des formules de s\u00e9jours authentiques, riches en activit\u00e9s \u00e9ducatives et en d\u00e9couvertes. \u00ab\u00a0Vacances Pour Tous\u00a0\u00bb offre un panel de s\u00e9jours et des th\u00e9matiques pour...","og_url":"https:\/\/laligue78.org\/index.php\/vacances-pour-tous\/","article_modified_time":"2024-10-31T11:06:39+00:00","og_image":[{"url":"https:\/\/laligue78.org\/wp-content\/uploads\/2023\/06\/Unknown-1-1.png","type":"","width":"","height":""}],"twitter_card":"summary_large_image","twitter_misc":{"Dur\u00e9e de lecture estim\u00e9e":"2 minutes"},"schema":{"@context":"https:\/\/schema.org","@graph":[{"@type":"WebPage","@id":"https:\/\/laligue78.org\/index.php\/vacances-pour-tous\/","url":"https:\/\/laligue78.org\/index.php\/vacances-pour-tous\/","name":"Vacances pour tous -","isPartOf":{"@id":"https:\/\/laligue78.org\/#website"},"primaryImageOfPage":{"@id":"https:\/\/laligue78.org\/index.php\/vacances-pour-tous\/#primaryimage"},"image":{"@id":"https:\/\/laligue78.org\/index.php\/vacances-pour-tous\/#primaryimage"},"thumbnailUrl":"https:\/\/laligue78.org\/wp-content\/uploads\/2023\/06\/Unknown-1-1.png","datePublished":"2021-11-18T15:09:40+00:00","dateModified":"2024-10-31T11:06:39+00:00","breadcrumb":{"@id":"https:\/\/laligue78.org\/index.php\/vacances-pour-tous\/#breadcrumb"},"inLanguage":"fr-FR","potentialAction":[{"@type":"ReadAction","target":["https:\/\/laligue78.org\/index.php\/vacances-pour-tous\/"]}]},{"@type":"ImageObject","inLanguage":"fr-FR","@id":"https:\/\/laligue78.org\/index.php\/vacances-pour-tous\/#primaryimage","url":"https:\/\/laligue78.org\/wp-content\/uploads\/2023\/06\/Unknown-1-1.png","contentUrl":"https:\/\/laligue78.org\/wp-content\/uploads\/2023\/06\/Unknown-1-1.png","width":600,"height":76},{"@type":"BreadcrumbList","@id":"https:\/\/laligue78.org\/index.php\/vacances-pour-tous\/#breadcrumb","itemListElement":[{"@type":"ListItem","position":1,"name":"Accueil","item":"https:\/\/laligue78.org\/"},{"@type":"ListItem","position":2,"name":"Vacances pour tous"}]},{"@type":"WebSite","@id":"https:\/\/laligue78.org\/#website","url":"https:\/\/laligue78.org\/","name":"","description":"S&#039;associer est une force ! ","potentialAction":[{"@type":"SearchAction","target":{"@type":"EntryPoint","urlTemplate":"https:\/\/laligue78.org\/?s={search_term_string}"},"query-input":{"@type":"PropertyValueSpecification","valueRequired":true,"valueName":"search_term_string"}}],"inLanguage":"fr-FR"}]}},"_links":{"self":[{"href":"https:\/\/laligue78.org\/index.php\/wp-json\/wp\/v2\/pages\/109","targetHints":{"allow":["GET"]}}],"collection":[{"href":"https:\/\/laligue78.org\/index.php\/wp-json\/wp\/v2\/pages"}],"about":[{"href":"https:\/\/laligue78.org\/index.php\/wp-json\/wp\/v2\/types\/page"}],"author":[{"embeddable":true,"href":"https:\/\/laligue78.org\/index.php\/wp-json\/wp\/v2\/users\/3"}],"replies":[{"embeddable":true,"href":"https:\/\/laligue78.org\/index.php\/wp-json\/wp\/v2\/comments?post=109"}],"version-history":[{"count":21,"href":"https:\/\/laligue78.org\/index.php\/wp-json\/wp\/v2\/pages\/109\/revisions"}],"predecessor-version":[{"id":9447,"href":"https:\/\/laligue78.org\/index.php\/wp-json\/wp\/v2\/pages\/109\/revisions\/9447"}],"wp:attachment":[{"href":"https:\/\/laligue78.org\/index.php\/wp-json\/wp\/v2\/media?parent=109"}],"curies":[{"name":"wp","href":"https:\/\/api.w.org\/{rel}","templated":true}]}}